{"id":4387,"date":"2019-05-22T21:02:34","date_gmt":"2019-05-22T19:02:34","guid":{"rendered":"https:\/\/tallersuc.es\/?page_id=4387"},"modified":"2026-09-03T19:24:32","modified_gmt":"2026-09-03T17:24:32","slug":"mecanizado-de-piezas-complejas","status":"publish","type":"page","link":"https:\/\/tallersuc.es\/ca\/mecanizado-de-piezas-complejas\/","title":{"rendered":"(Espa\u00f1ol) EMPRESA"},"content":{"rendered":"<p>[et_pb_section fb_built=&#8221;1&#8243; admin_label=&#8221;Hero&#8221; _builder_version=&#8221;4.16&#8243; use_background_color_gradient=&#8221;on&#8221; background_color_gradient_direction=&#8221;146deg&#8221; background_color_gradient_stops=&#8221;#e06100 0%|#f0b800 100%&#8221; background_color_gradient_start=&#8221;#e06100&#8243; background_color_gradient_end=&#8221;#f0b800&#8243; custom_margin=&#8221;|||&#8221; custom_padding=&#8221;120px||0px|&#8221; da_disable_devices=&#8221;off|off|off&#8221; box_shadow_style=&#8221;preset4&#8243; box_shadow_horizontal=&#8221;0px&#8221; box_shadow_vertical=&#8221;-100px&#8221; box_shadow_color=&#8221;#ffffff&#8221; box_shadow_position=&#8221;inner&#8221; global_colors_info=&#8221;{}&#8221; da_is_popup=&#8221;off&#8221; da_exit_intent=&#8221;off&#8221; da_has_close=&#8221;on&#8221; da_alt_close=&#8221;off&#8221; da_dark_close=&#8221;off&#8221; da_not_modal=&#8221;on&#8221; da_is_singular=&#8221;off&#8221; da_with_loader=&#8221;off&#8221; da_has_shadow=&#8221;on&#8221;][et_pb_row _builder_version=&#8221;4.16&#8243; background_size=&#8221;initial&#8221; background_position=&#8221;top_left&#8221; background_repeat=&#8221;repeat&#8221; min_height=&#8221;177px&#8221; custom_margin=&#8221;-55px|auto|40px|auto||&#8221; custom_padding=&#8221;||0px|||&#8221; global_colors_info=&#8221;{}&#8221;][et_pb_column type=&#8221;4_4&#8243; _builder_version=&#8221;4.16&#8243; custom_padding=&#8221;|||&#8221; global_colors_info=&#8221;{}&#8221; custom_padding__hover=&#8221;|||&#8221;][et_pb_text admin_label=&#8221;Title&#8221; _builder_version=&#8221;4.27.8&#8243; text_font=&#8221;||||||||&#8221; header_font=&#8221;Montserrat|500|||||||&#8221; header_text_align=&#8221;center&#8221; header_font_size=&#8221;84px&#8221; background_layout=&#8221;dark&#8221; animation_style=&#8221;zoom&#8221; animation_direction=&#8221;left&#8221; animation_intensity_zoom=&#8221;10%&#8221; header_font_size_tablet=&#8221;50px&#8221; header_font_size_phone=&#8221;&#8221; header_font_size_last_edited=&#8221;on|phone&#8221; global_colors_info=&#8221;{}&#8221;]<\/p>\n<h1>Empresa<\/h1>\n<p>[\/et_pb_text][et_pb_divider color=&#8221;rgba(255,255,255,0.7)&#8221; divider_weight=&#8221;3px&#8221; _builder_version=&#8221;4.16&#8243; max_width=&#8221;100px&#8221; module_alignment=&#8221;center&#8221; animation_style=&#8221;zoom&#8221; animation_direction=&#8221;left&#8221; global_colors_info=&#8221;{}&#8221;]<br \/>\n[\/et_pb_divider][\/et_pb_column][\/et_pb_row][et_pb_row _builder_version=&#8221;4.16&#8243; background_size=&#8221;initial&#8221; background_position=&#8221;top_left&#8221; background_repeat=&#8221;repeat&#8221; min_height=&#8221;223px&#8221; custom_margin=&#8221;-55px|auto|40px|auto||&#8221; custom_padding=&#8221;||0px|||&#8221; collapsed=&#8221;off&#8221; global_colors_info=&#8221;{}&#8221;][et_pb_column type=&#8221;4_4&#8243; _builder_version=&#8221;4.16&#8243; custom_padding=&#8221;|||&#8221; global_colors_info=&#8221;{}&#8221; custom_padding__hover=&#8221;|||&#8221;][et_pb_text _builder_version=&#8221;4.27.8&#8243; text_font=&#8221;Jura|300|||||||&#8221; text_text_color=&#8221;rgba(255,255,255,0.7)&#8221; text_font_size=&#8221;20px&#8221; text_line_height=&#8221;1.8em&#8221; text_orientation=&#8221;center&#8221; background_layout=&#8221;dark&#8221; max_width=&#8221;1038px&#8221; module_alignment=&#8221;center&#8221; custom_margin=&#8221;13px|83px||84px||&#8221; custom_padding=&#8221;|0px||||&#8221; animation_style=&#8221;zoom&#8221; animation_direction=&#8221;left&#8221; animation_delay=&#8221;100ms&#8221; animation_intensity_zoom=&#8221;10%&#8221; global_colors_info=&#8221;{}&#8221;]<\/p>\n<p style=\"text-align: center;\"><span>U.C. Maquinaria va ser fundada el 1998 amb la intenci\u00f3 de ser un referent en la fabricaci\u00f3 de maquin\u00e0ria.<\/span><\/p>\n<p style=\"text-align: center;\"><span>Per aquesta ra\u00f3 la nostra empresa ha apostat per la inversi\u00f3 en maquin\u00e0ria d&#8217;alta tecnologia i personal qualificat des del primer dia, per a aix\u00ed poder donar resposta a les exig\u00e8ncies dels nostres clients.<\/span><\/p>\n<p>[\/et_pb_text][\/et_pb_column][\/et_pb_row][et_pb_row _builder_version=&#8221;4.16&#8243; width=&#8221;45.6%&#8221; custom_margin=&#8221;5px|auto||auto||&#8221; custom_padding=&#8221;1px|0px|0px|0px||&#8221; global_colors_info=&#8221;{}&#8221;][et_pb_column type=&#8221;4_4&#8243; _builder_version=&#8221;4.16&#8243; custom_padding=&#8221;|||&#8221; global_colors_info=&#8221;{}&#8221; custom_padding__hover=&#8221;|||&#8221;][et_pb_image src=&#8221;https:\/\/tallersuc.es\/wp-content\/uploads\/2019\/09\/Empresa-Tallers-UC.jpg&#8221; _builder_version=&#8221;4.27.8&#8243; z_index_tablet=&#8221;500&#8243; box_shadow_horizontal_tablet=&#8221;0px&#8221; box_shadow_vertical_tablet=&#8221;0px&#8221; box_shadow_blur_tablet=&#8221;40px&#8221; box_shadow_spread_tablet=&#8221;0px&#8221; global_colors_info=&#8221;{}&#8221;][\/et_pb_image][\/et_pb_column][\/et_pb_row][\/et_pb_section][et_pb_section fb_built=&#8221;1&#8243; admin_label=&#8221;About&#8221; _builder_version=&#8221;4.16&#8243; custom_margin=&#8221;0px|||||&#8221; custom_padding=&#8221;||10px|||&#8221; da_disable_devices=&#8221;off|off|off&#8221; global_colors_info=&#8221;{}&#8221; da_is_popup=&#8221;off&#8221; da_exit_intent=&#8221;off&#8221; da_has_close=&#8221;on&#8221; da_alt_close=&#8221;off&#8221; da_dark_close=&#8221;off&#8221; da_not_modal=&#8221;on&#8221; da_is_singular=&#8221;off&#8221; da_with_loader=&#8221;off&#8221; da_has_shadow=&#8221;on&#8221;][et_pb_row _builder_version=&#8221;4.16&#8243; global_colors_info=&#8221;{}&#8221;][et_pb_column type=&#8221;4_4&#8243; _builder_version=&#8221;4.16&#8243; custom_padding=&#8221;|||&#8221; global_colors_info=&#8221;{}&#8221; custom_padding__hover=&#8221;|||&#8221;][et_pb_blurb title=&#8221;%91:es%93ISO 9001%91:%93%91:ca%93ISO 9001%91:%93&#8243; use_icon=&#8221;on&#8221; font_icon=&#8221;&#x4e;||divi||400&#8243; icon_color=&#8221;#000000&#8243; icon_placement=&#8221;left&#8221; content_max_width=&#8221;980px&#8221; _builder_version=&#8221;4.27.8&#8243; header_text_align=&#8221;left&#8221; body_text_align=&#8221;left&#8221; z_index_tablet=&#8221;500&#8243; header_text_shadow_horizontal_length_tablet=&#8221;0px&#8221; header_text_shadow_vertical_length_tablet=&#8221;0px&#8221; header_text_shadow_blur_strength_tablet=&#8221;1px&#8221; body_text_shadow_horizontal_length_tablet=&#8221;0px&#8221; body_text_shadow_vertical_length_tablet=&#8221;0px&#8221; body_text_shadow_blur_strength_tablet=&#8221;1px&#8221; body_link_text_shadow_horizontal_length_tablet=&#8221;0px&#8221; body_link_text_shadow_vertical_length_tablet=&#8221;0px&#8221; body_link_text_shadow_blur_strength_tablet=&#8221;1px&#8221; body_ul_text_shadow_horizontal_length_tablet=&#8221;0px&#8221; body_ul_text_shadow_vertical_length_tablet=&#8221;0px&#8221; body_ul_text_shadow_blur_strength_tablet=&#8221;1px&#8221; body_ol_text_shadow_horizontal_length_tablet=&#8221;0px&#8221; body_ol_text_shadow_vertical_length_tablet=&#8221;0px&#8221; body_ol_text_shadow_blur_strength_tablet=&#8221;1px&#8221; body_quote_text_shadow_horizontal_length_tablet=&#8221;0px&#8221; body_quote_text_shadow_vertical_length_tablet=&#8221;0px&#8221; body_quote_text_shadow_blur_strength_tablet=&#8221;1px&#8221; box_shadow_horizontal_tablet=&#8221;0px&#8221; box_shadow_vertical_tablet=&#8221;0px&#8221; box_shadow_blur_tablet=&#8221;40px&#8221; box_shadow_spread_tablet=&#8221;0px&#8221; box_shadow_horizontal_image_tablet=&#8221;0px&#8221; box_shadow_vertical_image_tablet=&#8221;0px&#8221; box_shadow_blur_image_tablet=&#8221;40px&#8221; box_shadow_spread_image_tablet=&#8221;0px&#8221; text_shadow_horizontal_length_tablet=&#8221;0px&#8221; text_shadow_vertical_length_tablet=&#8221;0px&#8221; text_shadow_blur_strength_tablet=&#8221;1px&#8221; global_module=&#8221;40196&#8243; saved_tabs=&#8221;all&#8221; global_colors_info=&#8221;{}&#8221;]<\/p>\n<p style=\"text-align: left;\">Certificats en est\u00e0ndards de qualitat des d&#8217;Octubre de 2014, complim els requeriments de la normativa<span style=\"color: #ff6600;\"> <a style=\"color: #ff6600;\" href=\"https:\/\/tallersuc.es\/wp-content\/uploads\/2021\/09\/CERTIFICAT2020@.jpg\">ISO: 9001<\/a><\/span><\/p>\n<p>[\/et_pb_blurb][et_pb_blurb title=&#8221;%91:es%93POL\u00cdTICA DE CALIDAD%91:%93%91:ca%93POL\u00cdTICA DE QUALITAT%91:%93&#8243; use_icon=&#8221;on&#8221; font_icon=&#8221;&#x4e;||divi||400&#8243; icon_color=&#8221;#0a0000&#8243; icon_placement=&#8221;left&#8221; _builder_version=&#8221;4.27.8&#8243; header_text_align=&#8221;left&#8221; z_index_tablet=&#8221;500&#8243; header_text_shadow_horizontal_length_tablet=&#8221;0px&#8221; header_text_shadow_vertical_length_tablet=&#8221;0px&#8221; header_text_shadow_blur_strength_tablet=&#8221;1px&#8221; body_text_shadow_horizontal_length_tablet=&#8221;0px&#8221; body_text_shadow_vertical_length_tablet=&#8221;0px&#8221; body_text_shadow_blur_strength_tablet=&#8221;1px&#8221; body_link_text_shadow_horizontal_length_tablet=&#8221;0px&#8221; body_link_text_shadow_vertical_length_tablet=&#8221;0px&#8221; body_link_text_shadow_blur_strength_tablet=&#8221;1px&#8221; body_ul_text_shadow_horizontal_length_tablet=&#8221;0px&#8221; body_ul_text_shadow_vertical_length_tablet=&#8221;0px&#8221; body_ul_text_shadow_blur_strength_tablet=&#8221;1px&#8221; body_ol_text_shadow_horizontal_length_tablet=&#8221;0px&#8221; body_ol_text_shadow_vertical_length_tablet=&#8221;0px&#8221; body_ol_text_shadow_blur_strength_tablet=&#8221;1px&#8221; body_quote_text_shadow_horizontal_length_tablet=&#8221;0px&#8221; body_quote_text_shadow_vertical_length_tablet=&#8221;0px&#8221; body_quote_text_shadow_blur_strength_tablet=&#8221;1px&#8221; box_shadow_horizontal_tablet=&#8221;0px&#8221; box_shadow_vertical_tablet=&#8221;0px&#8221; box_shadow_blur_tablet=&#8221;40px&#8221; box_shadow_spread_tablet=&#8221;0px&#8221; box_shadow_horizontal_image_tablet=&#8221;0px&#8221; box_shadow_vertical_image_tablet=&#8221;0px&#8221; box_shadow_blur_image_tablet=&#8221;40px&#8221; box_shadow_spread_image_tablet=&#8221;0px&#8221; text_shadow_horizontal_length_tablet=&#8221;0px&#8221; text_shadow_vertical_length_tablet=&#8221;0px&#8221; text_shadow_blur_strength_tablet=&#8221;1px&#8221; global_colors_info=&#8221;{}&#8221;]<\/p>\n<p style=\"text-align: left;\">A tots els nostres processos de producci\u00f3, seguim la nostra <a href=\"https:\/\/tallersuc.es\/wp-content\/uploads\/2021\/09\/Politicacalidad.jpg\">Pol\u00edtica de Qualitat<\/a><\/p>\n<p>[\/et_pb_blurb][et_pb_text _builder_version=&#8221;4.27.8&#8243; text_font=&#8221;Montserrat|500||on|||||&#8221; text_text_color=&#8221;rgba(0,0,0,0.24)&#8221; text_orientation=&#8221;center&#8221; global_colors_info=&#8221;{}&#8221;]HIST\u00d2RIA[\/et_pb_text][et_pb_divider color=&#8221;#FE5714&#8243; divider_weight=&#8221;3px&#8221; _builder_version=&#8221;4.16&#8243; max_width=&#8221;100px&#8221; module_alignment=&#8221;center&#8221; height=&#8221;7px&#8221; global_colors_info=&#8221;{}&#8221;]<br \/>\n[\/et_pb_divider][et_pb_text _builder_version=&#8221;4.27.8&#8243; text_font=&#8221;||||||||&#8221; header_font=&#8221;||||||||&#8221; header_2_font=&#8221;Montserrat|500|||||||&#8221; header_2_font_size=&#8221;30px&#8221; text_orientation=&#8221;center&#8221; global_colors_info=&#8221;{}&#8221;]<\/p>\n<h2>+ DE 25 ANYS FABRICANT MAQUIN\u00c0RIA<\/h2>\n<p>[\/et_pb_text][\/et_pb_column][\/et_pb_row][et_pb_row _builder_version=&#8221;4.27.8&#8243; width=&#8221;83%&#8221; min_height=&#8221;343px&#8221; custom_margin=&#8221;50px||||false|false&#8221; custom_padding=&#8221;6px||||false|false&#8221; global_colors_info=&#8221;{}&#8221;][et_pb_column type=&#8221;4_4&#8243; _builder_version=&#8221;4.16&#8243; custom_padding=&#8221;|||&#8221; global_colors_info=&#8221;{}&#8221; custom_padding__hover=&#8221;|||&#8221;][et_pb_blurb title=&#8221;%91:es%93C\u00f3mo empezamos%91:%93%91:ca%93Els nostres inicis%91:%93&#8243; use_icon=&#8221;on&#8221; font_icon=&#8221;&#xe074;||divi||400&#8243; icon_placement=&#8221;left&#8221; content_max_width=&#8221;1100px&#8221; _builder_version=&#8221;4.27.8&#8243; header_font=&#8221;Jura|700|||||||&#8221; header_text_align=&#8221;left&#8221; header_line_height=&#8221;1.8em&#8221; body_font=&#8221;Montserrat|300|||||||&#8221; body_text_align=&#8221;justify&#8221; body_font_size=&#8221;17px&#8221; body_line_height=&#8221;1.8em&#8221; custom_padding=&#8221;|||&#8221; animation_style=&#8221;fold&#8221; animation_direction=&#8221;right&#8221; inline_fonts=&#8221;Jura&#8221; global_colors_info=&#8221;{}&#8221;]<\/p>\n<p><span style=\"font-size: small; font-family: Jura;\">El 1998 vam comen\u00e7ar com a empresa de fabricaci\u00f3 de peces per a constructors de maquin\u00e0ria, basant-nos en el mecanitzat de qualitat. Temps despr\u00e9s, el 2008, i amb la intenci\u00f3 de tenir un producte propi, vam adquirir una empresa de maquin\u00e0ria d&#8217;envasat amb una traject\u00f2ria de m\u00e9s de 50 anys i amb m\u00e0quines respartides per tota la pen\u00ednsula.<\/span><\/p>\n<p>[\/et_pb_blurb][\/et_pb_column][\/et_pb_row][et_pb_row column_structure=&#8221;1_2,1_2&#8243; _builder_version=&#8221;4.27.8&#8243; width=&#8221;83%&#8221; min_height=&#8221;343px&#8221; custom_margin=&#8221;0px||||false|false&#8221; custom_padding=&#8221;0px||||false|false&#8221; global_colors_info=&#8221;{}&#8221;][et_pb_column type=&#8221;1_2&#8243; _builder_version=&#8221;4.16&#8243; custom_padding=&#8221;|||&#8221; global_colors_info=&#8221;{}&#8221; custom_padding__hover=&#8221;|||&#8221;][et_pb_blurb title=&#8221;%91:es%93Nuestros Fundadores%91:%93%91:ca%93Els nostres Fundadors%91:%93&#8243; use_icon=&#8221;on&#8221; font_icon=&#8221;&#xe08b;||divi||400&#8243; icon_placement=&#8221;left&#8221; _builder_version=&#8221;4.27.8&#8243; header_font=&#8221;Jura|700|||||||&#8221; header_line_height=&#8221;1.8em&#8221; body_font=&#8221;Montserrat|300|||||||&#8221; body_text_align=&#8221;justify&#8221; body_font_size=&#8221;17px&#8221; body_line_height=&#8221;1.8em&#8221; custom_padding=&#8221;|||&#8221; animation_style=&#8221;fold&#8221; animation_direction=&#8221;right&#8221; animation=&#8221;right&#8221; inline_fonts=&#8221;Jura&#8221; global_colors_info=&#8221;{}&#8221;]<\/p>\n<p><span style=\"font-size: small; font-family: Jura;\">Santiago Dom\u00e9nech fou el precursor de diferents m\u00e8todes d&#8217;envasat i tancament d&#8217;envasos per a diferents sectors. Cap al 1.950 ja havia desenvolupat i patentat diversos sistemes ds d&#8217;ompliment i tancament que a dia d&#8217;avui encara s\u00f3n fets servir per diferents fabricants de maquin\u00e0ria. Recollint aquella manera de fer, posteriorment vam anar adquirint la nostra pr\u00f2pia experi\u00e8ncia i, basant-nos en el nostre <i>know-how<\/i>, dissenyem i constru\u00efm les nostres pr\u00f2pies m\u00e0quines.<\/span><\/p>\n<p>[\/et_pb_blurb][\/et_pb_column][et_pb_column type=&#8221;1_2&#8243; _builder_version=&#8221;4.16&#8243; custom_padding=&#8221;|||&#8221; global_colors_info=&#8221;{}&#8221; custom_padding__hover=&#8221;|||&#8221;][et_pb_blurb title=&#8221;%91:es%93+ de 50 Maquinas fabricadas%91:%93%91:ca%93+ de 50 M\u00e0quines fabricades%91:%93&#8243; use_icon=&#8221;on&#8221; font_icon=&#8221;&#xe035;||divi||400&#8243; icon_placement=&#8221;left&#8221; _builder_version=&#8221;4.27.8&#8243; header_font=&#8221;Jura|700|||||||&#8221; header_line_height=&#8221;1.8em&#8221; body_font=&#8221;Montserrat|300|||||||&#8221; body_text_align=&#8221;justify&#8221; body_font_size=&#8221;17px&#8221; body_line_height=&#8221;1.8em&#8221; custom_padding=&#8221;|||&#8221; animation_style=&#8221;fold&#8221; animation_direction=&#8221;left&#8221; inline_fonts=&#8221;Jura&#8221; global_colors_info=&#8221;{}&#8221;]<\/p>\n<p><span style=\"font-size: small; font-family: Jura;\">Despr\u00e9s de tants anys dedicats a la fabricaci\u00f3 de projectes per a l&#8217;envasat, hi ha infinitat de m\u00e0quines repartides per empreses de diferents sectors com la ind\u00fastria qu\u00edmic-farmac\u00e8utica, perfumeria o alimentaci\u00f3. Actualment podemd onar resposta en post-venda, aix\u00ed com la millora de l\u00ednies obsoletes.<\/span><\/p>\n<p>[\/et_pb_blurb][\/et_pb_column][\/et_pb_row][\/et_pb_section]<\/p>","protected":false},"excerpt":{"rendered":"<p>Empresa U.C. Maquinaria va ser fundada el 1998 amb la intenci\u00f3 de ser un referent en la fabricaci\u00f3 de maquin\u00e0ria. Per aquesta ra\u00f3 la nostra empresa ha apostat per la inversi\u00f3 en maquin\u00e0ria d&#8217;alta tecnologia i personal qualificat des del primer dia, per a aix\u00ed poder donar resposta a les exig\u00e8ncies dels nostres clients.Certificats en [&hellip;]<\/p>\n","protected":false},"author":6,"featured_media":0,"parent":0,"menu_order":0,"comment_status":"closed","ping_status":"closed","template":"","meta":{"_et_pb_use_builder":"on","_et_pb_old_content":"","_et_gb_content_width":"","footnotes":""},"class_list":["post-4387","page","type-page","status-publish","hentry"],"yoast_head":"<!-- This site is optimized with the Yoast SEO plugin v28.4 - https:\/\/yoast.com\/product\/yoast-seo-wordpress\/ -->\n<title>UC MAQUINARIA - Mecanizado de piezas complejas, Proyectos a medida<\/title>\n<meta name=\"description\" content=\"UC Maquinaria: Maquinaria para envasado, Mecanizado de piezas complejas, Montaje de maquinaria, Proyectos a medida, servicio t\u00e9cnico\" \/>\n<meta name=\"robots\" content=\"index, follow, max-snippet:-1, max-image-preview:large, max-video-preview:-1\" \/>\n<link rel=\"canonical\" href=\"https:\/\/tallersuc.es\/ca\/mecanizado-de-piezas-complejas\/\" \/>\n<meta property=\"og:locale\" content=\"ca_ES\" \/>\n<meta property=\"og:type\" content=\"article\" \/>\n<meta property=\"og:title\" content=\"UC MAQUINARIA - Mecanizado de piezas complejas, Proyectos a medida\" \/>\n<meta property=\"og:description\" content=\"UC Maquinaria: Maquinaria para envasado, Mecanizado de piezas complejas, Montaje de maquinaria, Proyectos a medida, servicio t\u00e9cnico\" \/>\n<meta property=\"og:url\" content=\"https:\/\/tallersuc.es\/ca\/mecanizado-de-piezas-complejas\/\" \/>\n<meta property=\"og:site_name\" content=\"Tallers uc\" \/>\n<meta property=\"article:publisher\" content=\"https:\/\/www.facebook.com\/tallersucmaquinaria\" \/>\n<meta property=\"article:modified_time\" content=\"2026-09-03T17:24:32+00:00\" \/>\n<meta name=\"twitter:card\" content=\"summary_large_image\" \/>\n<meta name=\"twitter:label1\" content=\"Est. reading time\" \/>\n\t<meta name=\"twitter:data1\" content=\"3 minutes\" \/>\n<script type=\"application\/ld+json\" class=\"yoast-schema-graph\">{\"@context\":\"https:\\\/\\\/schema.org\",\"@graph\":[{\"@type\":\"WebPage\",\"@id\":\"https:\\\/\\\/tallersuc.es\\\/ca\\\/mecanizado-de-piezas-complejas\\\/\",\"url\":\"https:\\\/\\\/tallersuc.es\\\/ca\\\/mecanizado-de-piezas-complejas\\\/\",\"name\":\"UC MAQUINARIA - Mecanizado de piezas complejas, Proyectos a medida\",\"isPartOf\":{\"@id\":\"https:\\\/\\\/tallersuc.es\\\/ca\\\/#website\"},\"datePublished\":\"2019-05-22T19:02:34+00:00\",\"dateModified\":\"2026-09-03T17:24:32+00:00\",\"description\":\"UC Maquinaria: Maquinaria para envasado, Mecanizado de piezas complejas, Montaje de maquinaria, Proyectos a medida, servicio t\u00e9cnico\",\"breadcrumb\":{\"@id\":\"https:\\\/\\\/tallersuc.es\\\/ca\\\/mecanizado-de-piezas-complejas\\\/#breadcrumb\"},\"inLanguage\":\"ca-ES\",\"potentialAction\":[{\"@type\":\"ReadAction\",\"target\":[[\"https:\\\/\\\/tallersuc.es\\\/ca\\\/mecanizado-de-piezas-complejas\\\/\"]]}]},{\"@type\":\"BreadcrumbList\",\"@id\":\"https:\\\/\\\/tallersuc.es\\\/ca\\\/mecanizado-de-piezas-complejas\\\/#breadcrumb\",\"itemListElement\":[{\"@type\":\"ListItem\",\"position\":1,\"name\":\"Portada\",\"item\":\"https:\\\/\\\/tallersuc.es\\\/ca\\\/\"},{\"@type\":\"ListItem\",\"position\":2,\"name\":\"EMPRESA\"}]},{\"@type\":\"WebSite\",\"@id\":\"https:\\\/\\\/tallersuc.es\\\/ca\\\/#website\",\"url\":\"https:\\\/\\\/tallersuc.es\\\/ca\\\/\",\"name\":\"Tallers uc\",\"description\":\"\",\"publisher\":{\"@id\":\"https:\\\/\\\/tallersuc.es\\\/ca\\\/#organization\"},\"potentialAction\":[{\"@type\":\"SearchAction\",\"target\":{\"@type\":\"EntryPoint\",\"urlTemplate\":\"https:\\\/\\\/tallersuc.es\\\/ca\\\/?s={search_term_string}\"},\"query-input\":{\"@type\":\"PropertyValueSpecification\",\"valueRequired\":true,\"valueName\":\"search_term_string\"}}],\"inLanguage\":\"ca-ES\"},{\"@type\":\"Organization\",\"@id\":\"https:\\\/\\\/tallersuc.es\\\/ca\\\/#organization\",\"name\":\"Tallers UC\",\"url\":\"https:\\\/\\\/tallersuc.es\\\/ca\\\/\",\"logo\":{\"@type\":\"ImageObject\",\"inLanguage\":\"ca-ES\",\"@id\":\"https:\\\/\\\/tallersuc.es\\\/ca\\\/#\\\/schema\\\/logo\\\/image\\\/\",\"url\":\"https:\\\/\\\/tallersuc.es\\\/wp-content\\\/uploads\\\/2017\\\/04\\\/favicon-gran.jpg\",\"contentUrl\":\"https:\\\/\\\/tallersuc.es\\\/wp-content\\\/uploads\\\/2017\\\/04\\\/favicon-gran.jpg\",\"width\":954,\"height\":954,\"caption\":\"Tallers UC\"},\"image\":{\"@id\":\"https:\\\/\\\/tallersuc.es\\\/ca\\\/#\\\/schema\\\/logo\\\/image\\\/\"},\"sameAs\":[\"https:\\\/\\\/www.facebook.com\\\/tallersucmaquinaria\"]}]}<\/script>\n<!-- \/ Yoast SEO plugin. -->","yoast_head_json":{"title":"UC MAQUINARIA - Mecanizado de piezas complejas, Proyectos a medida","description":"UC Maquinaria: Maquinaria para envasado, Mecanizado de piezas complejas, Montaje de maquinaria, Proyectos a medida, servicio t\u00e9cnico","robots":{"index":"index","follow":"follow","max-snippet":"max-snippet:-1","max-image-preview":"max-image-preview:large","max-video-preview":"max-video-preview:-1"},"canonical":"https:\/\/tallersuc.es\/ca\/mecanizado-de-piezas-complejas\/","og_locale":"ca_ES","og_type":"article","og_title":"UC MAQUINARIA - Mecanizado de piezas complejas, Proyectos a medida","og_description":"UC Maquinaria: Maquinaria para envasado, Mecanizado de piezas complejas, Montaje de maquinaria, Proyectos a medida, servicio t\u00e9cnico","og_url":"https:\/\/tallersuc.es\/ca\/mecanizado-de-piezas-complejas\/","og_site_name":"Tallers uc","article_publisher":"https:\/\/www.facebook.com\/tallersucmaquinaria","article_modified_time":"2026-09-03T17:24:32+00:00","twitter_card":"summary_large_image","twitter_misc":{"Est. reading time":"3 minutes"},"schema":{"@context":"https:\/\/schema.org","@graph":[{"@type":"WebPage","@id":"https:\/\/tallersuc.es\/ca\/mecanizado-de-piezas-complejas\/","url":"https:\/\/tallersuc.es\/ca\/mecanizado-de-piezas-complejas\/","name":"UC MAQUINARIA - Mecanizado de piezas complejas, Proyectos a medida","isPartOf":{"@id":"https:\/\/tallersuc.es\/ca\/#website"},"datePublished":"2019-05-22T19:02:34+00:00","dateModified":"2026-09-03T17:24:32+00:00","description":"UC Maquinaria: Maquinaria para envasado, Mecanizado de piezas complejas, Montaje de maquinaria, Proyectos a medida, servicio t\u00e9cnico","breadcrumb":{"@id":"https:\/\/tallersuc.es\/ca\/mecanizado-de-piezas-complejas\/#breadcrumb"},"inLanguage":"ca-ES","potentialAction":[{"@type":"ReadAction","target":[["https:\/\/tallersuc.es\/ca\/mecanizado-de-piezas-complejas\/"]]}]},{"@type":"BreadcrumbList","@id":"https:\/\/tallersuc.es\/ca\/mecanizado-de-piezas-complejas\/#breadcrumb","itemListElement":[{"@type":"ListItem","position":1,"name":"Portada","item":"https:\/\/tallersuc.es\/ca\/"},{"@type":"ListItem","position":2,"name":"EMPRESA"}]},{"@type":"WebSite","@id":"https:\/\/tallersuc.es\/ca\/#website","url":"https:\/\/tallersuc.es\/ca\/","name":"Tallers uc","description":"","publisher":{"@id":"https:\/\/tallersuc.es\/ca\/#organization"},"potentialAction":[{"@type":"SearchAction","target":{"@type":"EntryPoint","urlTemplate":"https:\/\/tallersuc.es\/ca\/?s={search_term_string}"},"query-input":{"@type":"PropertyValueSpecification","valueRequired":true,"valueName":"search_term_string"}}],"inLanguage":"ca-ES"},{"@type":"Organization","@id":"https:\/\/tallersuc.es\/ca\/#organization","name":"Tallers UC","url":"https:\/\/tallersuc.es\/ca\/","logo":{"@type":"ImageObject","inLanguage":"ca-ES","@id":"https:\/\/tallersuc.es\/ca\/#\/schema\/logo\/image\/","url":"https:\/\/tallersuc.es\/wp-content\/uploads\/2017\/04\/favicon-gran.jpg","contentUrl":"https:\/\/tallersuc.es\/wp-content\/uploads\/2017\/04\/favicon-gran.jpg","width":954,"height":954,"caption":"Tallers UC"},"image":{"@id":"https:\/\/tallersuc.es\/ca\/#\/schema\/logo\/image\/"},"sameAs":["https:\/\/www.facebook.com\/tallersucmaquinaria"]}]}},"_links":{"self":[{"href":"https:\/\/tallersuc.es\/ca\/wp-json\/wp\/v2\/pages\/4387","targetHints":{"allow":["GET"]}}],"collection":[{"href":"https:\/\/tallersuc.es\/ca\/wp-json\/wp\/v2\/pages"}],"about":[{"href":"https:\/\/tallersuc.es\/ca\/wp-json\/wp\/v2\/types\/page"}],"author":[{"embeddable":true,"href":"https:\/\/tallersuc.es\/ca\/wp-json\/wp\/v2\/users\/6"}],"replies":[{"embeddable":true,"href":"https:\/\/tallersuc.es\/ca\/wp-json\/wp\/v2\/comments?post=4387"}],"version-history":[{"count":34,"href":"https:\/\/tallersuc.es\/ca\/wp-json\/wp\/v2\/pages\/4387\/revisions"}],"predecessor-version":[{"id":40416,"href":"https:\/\/tallersuc.es\/ca\/wp-json\/wp\/v2\/pages\/4387\/revisions\/40416"}],"wp:attachment":[{"href":"https:\/\/tallersuc.es\/ca\/wp-json\/wp\/v2\/media?parent=4387"}],"curies":[{"name":"wp","href":"https:\/\/api.w.org\/{rel}","templated":true}]}}